{"id":119,"date":"2015-12-23T09:41:44","date_gmt":"2015-12-23T09:41:44","guid":{"rendered":"http:\/\/clickennetbeta.com\/ongmisol2\/ca\/?page_id=119"},"modified":"2018-10-01T12:29:53","modified_gmt":"2018-10-01T10:29:53","slug":"hacer-un-donativo","status":"publish","type":"page","link":"https:\/\/www.misolfranciscanas.org\/ca\/hacer-un-donativo\/","title":{"rendered":"Hacer un donativo o patrocinar proyectos"},"content":{"rendered":"<p>En fer un donatiu tens la possibilitat de desgravar fiscalment les teves aportacions. M\u00e9s informaci\u00f3: <a href=\"http:\/\/www.ongmisol.org\/ca\/aprofita-les-desgravacions-fiscals-per-donacio\/\">Qu\u00e8 em puc desgravar?<\/a><\/p>\n<p>Si vols fer un donatiu, contacta amb nosaltres a <a href=\"mailto:info@ongmisol.org\">info@ongmisol.org<\/a><\/p>\n<p>Empreses i organitzacions col\u00b7laboren amb MISOL mitjan\u00e7ant el patrocinici de projectes:<\/p>\n<p><img decoding=\"async\" class=\"alignnone size-full wp-image-2194 lazyload\" data-src=\"http:\/\/www.ongmisol.org\/wp-content\/uploads\/2018\/10\/mayseahouse.jpg\" alt=\"Mayseahouse\" width=\"300\" height=\"150\" src=\"data:image\/gif;base64,R0lGODlhAQABAAAAACH5BAEKAAEALAAAAAABAAEAAAICTAEAOw==\" style=\"--smush-placeholder-width: 300px; --smush-placeholder-aspect-ratio: 300\/150;\" \/>\u00a0\u00a0<img decoding=\"async\" class=\"alignnone size-full wp-image-2190 lazyload\" data-src=\"http:\/\/www.ongmisol.org\/wp-content\/uploads\/2018\/10\/fundacion-asmar.jpg\" alt=\"Fundaci\u00f3n Asmar\" width=\"300\" height=\"150\" src=\"data:image\/gif;base64,R0lGODlhAQABAAAAACH5BAEKAAEALAAAAAABAAEAAAICTAEAOw==\" style=\"--smush-placeholder-width: 300px; --smush-placeholder-aspect-ratio: 300\/150;\" \/>\u00a0\u00a0<img decoding=\"async\" class=\"alignnone size-full wp-image-2184 lazyload\" data-src=\"http:\/\/www.ongmisol.org\/wp-content\/uploads\/2018\/10\/air-europa.jpg\" alt=\"Air Europa\" width=\"300\" height=\"149\" src=\"data:image\/gif;base64,R0lGODlhAQABAAAAACH5BAEKAAEALAAAAAABAAEAAAICTAEAOw==\" style=\"--smush-placeholder-width: 300px; --smush-placeholder-aspect-ratio: 300\/149;\" \/><\/p>\n<p><img decoding=\"async\" class=\"alignnone size-full wp-image-2192 lazyload\" data-src=\"http:\/\/www.ongmisol.org\/wp-content\/uploads\/2018\/10\/mallorca-missionera.png\" alt=\"Mallorca missionera\" width=\"300\" height=\"150\" src=\"data:image\/gif;base64,R0lGODlhAQABAAAAACH5BAEKAAEALAAAAAABAAEAAAICTAEAOw==\" style=\"--smush-placeholder-width: 300px; --smush-placeholder-aspect-ratio: 300\/150;\" \/>\u00a0\u00a0<img decoding=\"async\" class=\"alignnone size-full wp-image-2196 lazyload\" data-src=\"http:\/\/www.ongmisol.org\/wp-content\/uploads\/2018\/10\/menorca-missionera.jpeg\" alt=\"Menorca missionera\" width=\"300\" height=\"150\" src=\"data:image\/gif;base64,R0lGODlhAQABAAAAACH5BAEKAAEALAAAAAABAAEAAAICTAEAOw==\" style=\"--smush-placeholder-width: 300px; --smush-placeholder-aspect-ratio: 300\/150;\" \/>\u00a0\u00a0<img decoding=\"async\" class=\"alignnone size-full wp-image-2186 lazyload\" data-src=\"http:\/\/www.ongmisol.org\/wp-content\/uploads\/2018\/10\/apotecaris-solidaris.png\" alt=\"Apotecaris Solidaris\" width=\"300\" height=\"150\" src=\"data:image\/gif;base64,R0lGODlhAQABAAAAACH5BAEKAAEALAAAAAABAAEAAAICTAEAOw==\" style=\"--smush-placeholder-width: 300px; --smush-placeholder-aspect-ratio: 300\/150;\" \/><\/p>\n<p><strong>COL\u00b7LABORADORS PER PROJECTES<\/strong><\/p>\n<ul>\n<li>Trujillo:<\/li>\n<\/ul>\n<p>Algaida Solidaria<br \/>\nAsociaci\u00f3n \u201cImagina, una educaci\u00f3n per a tots\u201d<br \/>\nFamilia Toni Real Vicens<br \/>\nFundaci\u00f3n Barcel\u00f3<br \/>\nONG Voluntaris de Mallorca<br \/>\nKiosco del Colegio Toni Real Vicens<br \/>\nParroquia San Pablo (Palma)<br \/>\nONG Bona Llum<br \/>\nColegio Juan de la Cierva (Palma)<br \/>\nFundaci\u00f3 Reial Mallorca<\/p>\n<ul>\n<li>La Paz:<\/li>\n<\/ul>\n<p>Alcald\u00eda de La Paz<br \/>\nLiliane Fonds Bolivia<br \/>\nMinisterio de Educaci\u00f3n del Estado Plurinacional de Bolivia<br \/>\nChildren International Incorporated<\/p>\n<ul>\n<li>El alto:<\/li>\n<\/ul>\n<p>Alcald\u00eda de El Alto<br \/>\nCentros educativos: \u201cPerpetuo Socorro\u201d, \u201cLa Inmaculada\u201d y \u201cSanta Rosa\u201d de Bolivia<br \/>\nSEDEGES<br \/>\nLiliane Fonds Bolivia<\/p>\n<ul>\n<li>Padilla:<\/li>\n<\/ul>\n<p>Children International Incorporated<br \/>\nAlcald\u00eda Municipal de Padilla<\/p>\n<ul>\n<li>Sucre:<\/li>\n<\/ul>\n<p>Children International Incorporated<\/p>\n<ul>\n<li>Vinto (Cochabamba):<\/li>\n<\/ul>\n<p>Fundaci\u00f3n Nueva Luz<br \/>\nColegio Maryknoll de Cochabamaba<br \/>\nHermandad Hildensad (Alemania)<\/p>\n","protected":false},"excerpt":{"rendered":"<p>En fer un donatiu tens la possibilitat de desgravar fiscalment les teves aportacions. M\u00e9s informaci\u00f3: Qu\u00e8 em puc desgravar? Si vols fer un donatiu, contacta amb nosaltres a info@ongmisol.org Empreses i organitzacions col\u00b7laboren amb MISOL mitjan\u00e7ant el patrocinici de projectes: \u00a0\u00a0\u00a0\u00a0 \u00a0\u00a0\u00a0\u00a0 COL\u00b7LABORADORS PER PROJECTES Trujillo: Algaida Solidaria Asociaci\u00f3n \u201cImagina, una educaci\u00f3n per a tots\u201d [&hellip;]<\/p>\n","protected":false},"author":4,"featured_media":0,"parent":0,"menu_order":0,"comment_status":"closed","ping_status":"closed","template":"","meta":{"_acf_changed":false,"_genesis_hide_title":false,"_genesis_hide_breadcrumbs":false,"_genesis_hide_singular_image":false,"_genesis_hide_footer_widgets":false,"_genesis_custom_body_class":"","_genesis_custom_post_class":"","_genesis_layout":"","footnotes":""},"class_list":{"0":"post-119","1":"page","2":"type-page","3":"status-publish","5":"entry","6":"has-post-thumbnail"},"acf":[],"_links":{"self":[{"href":"https:\/\/www.misolfranciscanas.org\/ca\/wp-json\/wp\/v2\/pages\/119\/"}],"collection":[{"href":"https:\/\/www.misolfranciscanas.org\/ca\/wp-json\/wp\/v2\/pages\/"}],"about":[{"href":"https:\/\/www.misolfranciscanas.org\/ca\/wp-json\/wp\/v2\/types\/page\/"}],"author":[{"embeddable":true,"href":"https:\/\/www.misolfranciscanas.org\/ca\/wp-json\/wp\/v2\/users\/4\/"}],"replies":[{"embeddable":true,"href":"https:\/\/www.misolfranciscanas.org\/ca\/wp-json\/wp\/v2\/comments\/?post=119"}],"version-history":[{"count":0,"href":"https:\/\/www.misolfranciscanas.org\/ca\/wp-json\/wp\/v2\/pages\/119\/revisions\/"}],"wp:attachment":[{"href":"https:\/\/www.misolfranciscanas.org\/ca\/wp-json\/wp\/v2\/media\/?parent=119"}],"curies":[{"name":"wp","href":"https:\/\/api.w.org\/{rel}","templated":true}]}}